{"id":50636,"date":"2019-10-29T13:47:41","date_gmt":"2019-10-29T17:47:41","guid":{"rendered":"https:\/\/www.campogrande.ms.gov.br\/cgnoticias\/?page_id=50636"},"modified":"2019-10-29T13:47:41","modified_gmt":"2019-10-29T17:47:41","slug":"acao-alusiva-ao-dia-mundial-da-alimentacao-promove-exposicao-interativa-no-cei","status":"publish","type":"page","link":"https:\/\/www.campogrande.ms.gov.br\/cgnoticias\/acao-alusiva-ao-dia-mundial-da-alimentacao-promove-exposicao-interativa-no-cei\/","title":{"rendered":"A\u00e7\u00e3o alusiva ao Dia Mundial da Alimenta\u00e7\u00e3o promove exposi\u00e7\u00e3o interativa no CEI"},"content":{"rendered":"<p>A a\u00e7\u00e3o \u201cMeu Corpo \u00e9 uma m\u00e1quina\u201d, do Centro de Especialidades Infantil (CEI), realizar\u00e1 nessa quinta e sexta-feira uma exposi\u00e7\u00e3o interativa para as crian\u00e7as atendidas na unidade, no CAPS Infantil e Escola municipal Harry\u00a0Amorim Costa.<\/p>\n<p>Surgindo como uma atividade entre a pr\u00f3pria equipe multidisciplinar, que elaborou uma gincana para perder peso, a proposta resolveu abranger tamb\u00e9m as crian\u00e7as que s\u00e3o atendidas pelo Programa Multidisciplinar para Obesidade infantil e os usu\u00e1rios do SUS.<\/p>\n<p>Acreditando que o p\u00fablico ainda seria muito pequeno, a coordena\u00e7\u00e3o do projeto tamb\u00e9m convidou os alunos da escola Harry Amorim Costa e um grupo de crian\u00e7as com autismo que \u00e9 atendido no CAPS IJ.<\/p>\n<p>A equipe multidisciplinar do CEI foi dividida em tr\u00eas e cada uma far\u00e1 atividades e brincadeiras com as crian\u00e7as sobre alimenta\u00e7\u00e3o saud\u00e1vel. Assim, elas conseguem aprender de uma forma mais descontra\u00edda. No final das intera\u00e7\u00f5es, a crian\u00e7ada ir\u00e1 escolher qual ilha de conhecimento mais gostou e aquela equipe ser\u00e1 premiada.<\/p>\n<p>Os pr\u00eamios n\u00e3o ser\u00e3o s\u00f3 distribu\u00eddos para os servidores, as crian\u00e7as que participarem da exposi\u00e7\u00e3o tamb\u00e9m concorrer\u00e3o a passaportes para um espa\u00e7o de recrea\u00e7\u00f5es e a brinquedos.<\/p>\n<p>A proposta, que acontece esse ano pela primeira vez, encaixa nas diretrizes do programa Humaniza SUS, que visa aproximar os usu\u00e1rios do SUS com os profissionais da \u00e1rea de sa\u00fade de uma forma menos formal e centralizada apenas nas consultas.<\/p>\n","protected":false},"excerpt":{"rendered":"<p>A a\u00e7\u00e3o \u201cMeu Corpo \u00e9 uma m\u00e1quina\u201d, do Centro de Especialidades Infantil (CEI), realizar\u00e1 nessa quinta e sexta-feira uma exposi\u00e7\u00e3o interativa para as crian\u00e7as atendidas na unidade, no CAPS Infantil e Escola municipal Harry\u00a0Amorim Costa. Surgindo como uma atividade entre a pr\u00f3pria equipe multidisciplinar, que elaborou uma gincana para perder peso, a proposta resolveu abranger [&hellip;]<\/p>\n","protected":false},"author":1,"featured_media":0,"parent":0,"menu_order":0,"comment_status":"open","ping_status":"open","template":"","meta":{"custom_icon_class":"","footnotes":""},"class_list":["post-50636","page","type-page","status-publish","hentry"],"acf":[],"_links":{"self":[{"href":"https:\/\/www.campogrande.ms.gov.br\/cgnoticias\/wp-json\/wp\/v2\/pages\/50636"}],"collection":[{"href":"https:\/\/www.campogrande.ms.gov.br\/cgnoticias\/wp-json\/wp\/v2\/pages"}],"about":[{"href":"https:\/\/www.campogrande.ms.gov.br\/cgnoticias\/wp-json\/wp\/v2\/types\/page"}],"author":[{"embeddable":true,"href":"https:\/\/www.campogrande.ms.gov.br\/cgnoticias\/wp-json\/wp\/v2\/users\/1"}],"replies":[{"embeddable":true,"href":"https:\/\/www.campogrande.ms.gov.br\/cgnoticias\/wp-json\/wp\/v2\/comments?post=50636"}],"version-history":[{"count":0,"href":"https:\/\/www.campogrande.ms.gov.br\/cgnoticias\/wp-json\/wp\/v2\/pages\/50636\/revisions"}],"wp:attachment":[{"href":"https:\/\/www.campogrande.ms.gov.br\/cgnoticias\/wp-json\/wp\/v2\/media?parent=50636"}],"curies":[{"name":"wp","href":"https:\/\/api.w.org\/{rel}","templated":true}]}}