{"id":50464,"date":"2019-10-09T10:14:37","date_gmt":"2019-10-09T14:14:37","guid":{"rendered":"https:\/\/www.campogrande.ms.gov.br\/cgnoticias\/?page_id=50464"},"modified":"2019-10-16T16:15:32","modified_gmt":"2019-10-16T20:15:32","slug":"semana-lixo-zero","status":"publish","type":"page","link":"https:\/\/www.campogrande.ms.gov.br\/cgnoticias\/semana-lixo-zero\/","title":{"rendered":"Semana Lixo Zero"},"content":{"rendered":"<h2><img fetchpriority=\"high\" decoding=\"async\" class=\"alignnone size-large wp-image-3860\" src=\"https:\/\/prefcg-repositorio.campogrande.ms.gov.br\/wp-cdn\/uploads\/sites\/18\/2019\/09\/Semana-Lixo-Zero-1024x572.jpeg\" alt=\"Semana Lixo Zero\" width=\"1024\" height=\"572\" \/><\/h2>\n<h2><\/h2>\n<p>&nbsp;<\/p>\n<h1>Programa\u00e7\u00e3o<\/h1>\n<h3>Sexta-feira dia 18\/10<\/h3>\n<table style=\"font-family: arial, sans-serif;border-collapse: collapse;width: 100%\">\n<tbody>\n<tr>\n<th style=\"border: 1px solid #dddddd;width: 5%;text-align: left;padding: 8px\">Hor\u00e1rio<\/th>\n<th style=\"border: 1px solid #dddddd;width: 20%;text-align: left;padding: 8px\">A\u00e7\u00e3o<\/th>\n<th style=\"border: 1px solid #dddddd;width: 40%;text-align: left;padding: 8px\">Descri\u00e7\u00e3o<\/th>\n<th style=\"border: 1px solid #dddddd;width: 5%;text-align: left;padding: 8px;margin-left: auto\">Organizador<\/th>\n<th style=\"border: 1px solid #dddddd;width: 20%;text-align: left;padding: 8px\">Local<\/th>\n<th style=\"border: 1px solid #dddddd;width: 10%;text-align: left;padding: 8px\">Informa\u00e7\u00f5es<\/th>\n<\/tr>\n<tr style=\"background-color: #dddddd\">\n<td style=\"border: 1px solid #dddddd;text-align: left;padding: 8px\">8h as 18h<\/td>\n<td style=\"border: 1px solid #dddddd;text-align: left;padding: 8px\">DESTRALHA &#8211; SEBRAE<\/td>\n<td style=\"border: 1px solid #dddddd;text-align: left;padding: 8px\">A\u00e7\u00f5es de coleta no p\u00e1tio do SEBRAE\/MS<br \/>\nDescarte de oleo de cozinha, res\u00edduos eletr\u00f4nicos, papel, pl\u00e1sticos, metal, pilhas, baterias e tecidos<\/td>\n<td style=\"border: 1px solid #dddddd;text-align: left;padding: 8px\">SEBRAE\/MS<\/td>\n<td style=\"border: 1px solid #dddddd;text-align: left;padding: 8px\">P\u00e1tio do SEBRAE\/MS<br \/>\n(Av. Mato Grosso, 1661 &#8211; Centro)<\/td>\n<td style=\"border: 1px solid #dddddd;text-align: left;padding: 8px\"><button style=\"font-size: 12px;background-color: white;color: black;border: 2px solid #4CAF50\"><a href=\"https:\/\/www.campogrande.ms.gov.br\/agetec\/evento-destralha-sebraems\/\" target=\"_blank\">Saiba Mais<\/a><\/button><\/td>\n<\/tr>\n<tr>\n<td style=\"border: 1px solid #dddddd;text-align: left;padding: 8px\">14h<\/td>\n<td style=\"border: 1px solid #dddddd;text-align: left;padding: 8px\">Lan\u00e7amento do Programa de Coleta Seletiva SEMED e Apresenta\u00e7\u00e3o do Movimento Escolas Lixo Zero<\/td>\n<td style=\"border: 1px solid #dddddd;text-align: left;padding: 8px\">Lan\u00e7amento do Programa de Coleta Seletiva na Secretaria Municipal de Educa\u00e7\u00e3o e Apresenta\u00e7\u00e3o das pr\u00e1ticas sustent\u00e1veis das escolas que aderiram ao movimento escolas lixo zero<\/td>\n<td style=\"border: 1px solid #dddddd;text-align: left;padding: 8px\">SEMED\/PMCG<\/td>\n<td style=\"border: 1px solid #dddddd;text-align: left;padding: 8px\">Audit\u00f3rio da SEMED<br \/>\n(R. Onicieto Severo Monteiro, 460 &#8211; Vila Margarida)<\/td>\n<td style=\"border: 1px solid #dddddd;text-align: left;padding: 8px\"><button style=\"font-size: 12px;background-color: white;color: black;border: 2px solid #4CAF50\"><a href=\"https:\/\/www.campogrande.ms.gov.br\/agetec\/evento-programa-coleta-seletiva-semed\/\" target=\"_blank\">Saiba Mais<\/a><\/button><\/td>\n<\/tr>\n<tr style=\"background-color: #dddddd\">\n<td style=\"border: 1px solid #dddddd;text-align: left;padding: 8px\">16h<\/td>\n<td style=\"border: 1px solid #dddddd;text-align: left;padding: 8px\">Moda CG<\/td>\n<td style=\"border: 1px solid #dddddd;text-align: left;padding: 8px\">Moda, Sustentabilidade e Regionalidade &#8211; Conex\u00e3o entre comportamento, tecnologia e mercado local<\/td>\n<td style=\"border: 1px solid #dddddd;text-align: left;padding: 8px\">Morenah e Instituto IDE<\/td>\n<td style=\"border: 1px solid #dddddd;text-align: left;padding: 8px\">Centro de Conven\u00e7\u00f5es Albano Franco<br \/>\n(Av. Mato Grosso, 5017)<\/td>\n<td style=\"border: 1px solid #dddddd;text-align: left;padding: 8px\"><button style=\"font-size: 12px;background-color: white;color: black;border: 2px solid #4CAF50\"><a href=\"https:\/\/www.campogrande.ms.gov.br\/agetec\/artigos\/evento-moda-cg\/\" target=\"_blank\">Saiba Mais<\/a><\/button><\/td>\n<\/tr>\n<tr>\n<td style=\"border: 1px solid #dddddd;text-align: left;padding: 8px\">18h as 23h<\/td>\n<td style=\"border: 1px solid #dddddd;text-align: left;padding: 8px\">Festa da Solidariedade<\/td>\n<td style=\"border: 1px solid #dddddd;text-align: left;padding: 8px\">Uni\u00e3o das institui\u00e7\u00f5es do terceiro setor, profissionais liberais e iniciativa privada<\/td>\n<td style=\"border: 1px solid #dddddd;text-align: left;padding: 8px\">Seleta<\/td>\n<td style=\"border: 1px solid #dddddd;text-align: left;padding: 8px\">Sal\u00e3o de Festas da Seleta<br \/>\n(R. Pedro Celestino, 3283)<\/td>\n<td style=\"border: 1px solid #dddddd;text-align: left;padding: 8px\"><button style=\"font-size: 12px;background-color: white;color: black;border: 2px solid #4CAF50\"><a href=\"https:\/\/www.campogrande.ms.gov.br\/agetec\/evento-festa-da-solidariedade-seleta\/\" target=\"_blank\">Saiba Mais<\/a><\/button><\/td>\n<\/tr>\n<\/tbody>\n<\/table>\n<h3>S\u00e1bado dia 19\/10<\/h3>\n<table style=\"font-family: arial, sans-serif;border-collapse: collapse;width: 100%\">\n<tbody>\n<tr>\n<th style=\"border: 1px solid #dddddd;width: 5%;text-align: left;padding: 8px\">Hor\u00e1rio<\/th>\n<th style=\"border: 1px solid #dddddd;width: 20%;text-align: left;padding: 8px\">A\u00e7\u00e3o<\/th>\n<th style=\"border: 1px solid #dddddd;width: 40%;text-align: left;padding: 8px\">Descri\u00e7\u00e3o<\/th>\n<th style=\"border: 1px solid #dddddd;width: 5%;text-align: left;padding: 8px;margin-left: auto\">Organizador<\/th>\n<th style=\"border: 1px solid #dddddd;width: 20%;text-align: left;padding: 8px\">Local<\/th>\n<th style=\"border: 1px solid #dddddd;width: 10%;text-align: left;padding: 8px\">Informa\u00e7\u00f5es<\/th>\n<\/tr>\n<tr style=\"background-color: #dddddd\">\n<td style=\"border: 1px solid #dddddd;text-align: left;padding: 8px\">8h<\/td>\n<td style=\"border: 1px solid #dddddd;text-align: left;padding: 8px\">DESTRALHA &#8211; SEBRAE<\/td>\n<td style=\"border: 1px solid #dddddd;text-align: left;padding: 8px\">A\u00e7\u00f5es de Coleta no P\u00e1tio do SEBRAE\/MS<br \/>\nDescarte de oleo de cozinha, res\u00edduso eletr\u00f4nicos, papel, pl\u00e1sticos, metal, pilhas, baterias e tecidos<\/td>\n<td style=\"border: 1px solid #dddddd;text-align: left;padding: 8px\">SEBRAE\/MS<\/td>\n<td style=\"border: 1px solid #dddddd;text-align: left;padding: 8px\">P\u00e1tio do SEBRAE\/MS<br \/>\n(Av. Mato Grosso, 1661 &#8211; Centro)<\/td>\n<td style=\"border: 1px solid #dddddd;text-align: left;padding: 8px\"><button style=\"font-size: 12px;background-color: white;color: black;border: 2px solid #4CAF50\"><a href=\"https:\/\/www.campogrande.ms.gov.br\/agetec\/evento-destralha-sebraems\/\" target=\"_blank\">Saiba Mais<\/a><\/button><\/td>\n<\/tr>\n<tr>\n<td style=\"border: 1px solid #dddddd;text-align: left;padding: 8px\">8h<\/td>\n<td style=\"border: 1px solid #dddddd;text-align: left;padding: 8px\">Programa Recicle +<\/td>\n<td style=\"border: 1px solid #dddddd;text-align: left;padding: 8px\">Coleta de res\u00edduos eletr\u00f4nicos da a\u00e7\u00e3o &#8220;Troque seu lixo eletr\u00f4nico por uma muda de \u00e1rvore&#8221;<\/td>\n<td style=\"border: 1px solid #dddddd;text-align: left;padding: 8px\">Comper<\/td>\n<td style=\"border: 1px solid #dddddd;text-align: left;padding: 8px\">Comper<br \/>\n(R. Spipe Calarge, 1673 &#8211; Jardim Tv Morena)<\/td>\n<td style=\"border: 1px solid #dddddd;text-align: left;padding: 8px\"><button style=\"font-size: 12px;background-color: white;color: black;border: 2px solid #4CAF50\"><a href=\"https:\/\/www.campogrande.ms.gov.br\/agetec\/evento-programa-recicle-mais\/\" target=\"_blank\">Saiba Mais<\/a><\/button><\/td>\n<\/tr>\n<tr style=\"background-color: #dddddd\">\n<td style=\"border: 1px solid #dddddd;text-align: left;padding: 8px\">8h30<\/td>\n<td style=\"border: 1px solid #dddddd;text-align: left;padding: 8px\">Yoga na Natureza e Plantio &#8220;Floresta das \u00c1guas&#8221;<\/td>\n<td style=\"border: 1px solid #dddddd;text-align: left;padding: 8px\">Viv\u00eancia de Yoga na natureza<\/td>\n<td style=\"border: 1px solid #dddddd;text-align: left;padding: 8px\">Blink 102, Ana Let\u00edcia(Terapias Integradas), ECO Plantar e Respire Fundo 3x<\/td>\n<td style=\"border: 1px solid #dddddd;text-align: left;padding: 8px\">ECO Plantar<br \/>\n(Jardim Semin\u00e1rio, Campo Grande\/MS)<\/td>\n<td style=\"border: 1px solid #dddddd;text-align: left;padding: 8px\"><button style=\"font-size: 12px;background-color: white;color: black;border: 2px solid #4CAF50\"><a href=\"https:\/\/www.campogrande.ms.gov.br\/agetec\/artigos\/evento-yoga-na-natureza\/\" target=\"_blank\">Saiba Mais<\/a><\/button><\/td>\n<\/tr>\n<tr>\n<td style=\"border: 1px solid #dddddd;text-align: left;padding: 8px\">9h<\/td>\n<td style=\"border: 1px solid #dddddd;text-align: left;padding: 8px\">Oficina Cultivo de Ervas<\/td>\n<td style=\"border: 1px solid #dddddd;text-align: left;padding: 8px\">Oficina de cultivo de ervas terap\u00eauticas<\/td>\n<td style=\"border: 1px solid #dddddd;text-align: left;padding: 8px\">Recanto das Ervas<\/td>\n<td style=\"border: 1px solid #dddddd;text-align: left;padding: 8px\">Recanto das Ervas<br \/>\n(R. 13 de Junho, 1592)<\/td>\n<td style=\"border: 1px solid #dddddd;text-align: left;padding: 8px\"><button style=\"font-size: 12px;background-color: white;color: black;border: 2px solid #4CAF50\"><a href=\"http:\/\/participa.campogrande.ms.gov.br\/acoes\/12\/detalhe?local=6\" target=\"_blank\">Saiba Mais<\/a><\/button><\/td>\n<\/tr>\n<tr style=\"background-color: #dddddd\">\n<td style=\"border: 1px solid #dddddd;text-align: left;padding: 8px\">9h30<\/td>\n<td style=\"border: 1px solid #dddddd;text-align: left;padding: 8px\">Feira menos lixo mais atitude<\/td>\n<td style=\"border: 1px solid #dddddd;text-align: left;padding: 8px\">Feira de exposi\u00e7\u00e3o de artesanatos sustent\u00e1veis, palestras e oficinas<\/td>\n<td style=\"border: 1px solid #dddddd;text-align: left;padding: 8px\">SECTUR\/PMCG<\/td>\n<td style=\"border: 1px solid #dddddd;text-align: left;padding: 8px\">Pra\u00e7a dos Imigrantes<\/td>\n<td style=\"border: 1px solid #dddddd;text-align: left;padding: 8px\"><button style=\"font-size: 12px;background-color: white;color: black;border: 2px solid #4CAF50\"><a href=\"https:\/\/www.campogrande.ms.gov.br\/agetec\/feira-menos-lixo-mais-atitude\/\" target=\"_blank\">Saiba Mais<\/a><\/button><\/td>\n<\/tr>\n<tr>\n<td style=\"border: 1px solid #dddddd;text-align: left;padding: 8px\">14h<\/td>\n<td style=\"border: 1px solid #dddddd;text-align: left;padding: 8px\">Oficina dos Sonhos<\/td>\n<td style=\"border: 1px solid #dddddd;text-align: left;padding: 8px\">Oficina de plantio de flores em orelh\u00f5es reaproveitados<\/td>\n<td style=\"border: 1px solid #dddddd;text-align: left;padding: 8px\">Comunidade Tia Eva<\/td>\n<td style=\"border: 1px solid #dddddd;text-align: left;padding: 8px\">Comunidade Tia Eva<br \/>\n(R. Dom Cir\u00edlo, S\/N &#8211; Jardim Semin\u00e1rio)<\/td>\n<td style=\"border: 1px solid #dddddd;text-align: left;padding: 8px\"><button style=\"font-size: 12px;background-color: white;color: black;border: 2px solid #4CAF50\"><a href=\"https:\/\/www.campogrande.ms.gov.br\/agetec\/oficina-dos-sonhos\/\" target=\"_blank\">Saiba Mais<\/a><\/button><\/td>\n<\/tr>\n<tr style=\"background-color: #dddddd\">\n<td style=\"border: 1px solid #dddddd;text-align: left;padding: 8px\">16h<\/td>\n<td style=\"border: 1px solid #dddddd;text-align: left;padding: 8px\">Moda CG<\/td>\n<td style=\"border: 1px solid #dddddd;text-align: left;padding: 8px\">Moda, Sustentabilidade e Regionalidade &#8211; Conex\u00e3o entre comportamento, tecnologia e mercado local<\/td>\n<td style=\"border: 1px solid #dddddd;text-align: left;padding: 8px\">Morenah e Instituto IDE<\/td>\n<td style=\"border: 1px solid #dddddd;text-align: left;padding: 8px\">Centro de Conven\u00e7\u00f5es Albano Franco<br \/>\n(Av. Mato Grosso, 5017)<\/td>\n<td style=\"border: 1px solid #dddddd;text-align: left;padding: 8px\"><button style=\"font-size: 12px;background-color: white;color: black;border: 2px solid #4CAF50\"><a href=\"https:\/\/www.campogrande.ms.gov.br\/agetec\/artigos\/evento-moda-cg\/\" target=\"_blank\">Saiba Mais<\/a><\/button><\/td>\n<\/tr>\n<tr>\n<td style=\"border: 1px solid #dddddd;text-align: left;padding: 8px\">18h as 23h<\/td>\n<td style=\"border: 1px solid #dddddd;text-align: left;padding: 8px\">Festa da Solidariedade<\/td>\n<td style=\"border: 1px solid #dddddd;text-align: left;padding: 8px\">Uni\u00e3o das institui\u00e7\u00f5es do terceiro setor, profissionais liberais e iniciativa privada<\/td>\n<td style=\"border: 1px solid #dddddd;text-align: left;padding: 8px\">Seleta<\/td>\n<td style=\"border: 1px solid #dddddd;text-align: left;padding: 8px\">Sal\u00e3o de Festas da Seleta<br \/>\n(R. Pedro Celestino, 3283)<\/td>\n<td style=\"border: 1px solid #dddddd;text-align: left;padding: 8px\"><button style=\"font-size: 12px;background-color: white;color: black;border: 2px solid #4CAF50\"><a href=\"https:\/\/www.campogrande.ms.gov.br\/agetec\/evento-festa-da-solidariedade-seleta\/\" target=\"_blank\">Saiba Mais<\/a><\/button><\/td>\n<\/tr>\n<\/tbody>\n<\/table>\n<h3>Domingo dia 20\/10<\/h3>\n<table style=\"font-family: arial, sans-serif;border-collapse: collapse;width: 100%\">\n<tbody>\n<tr>\n<th style=\"border: 1px solid #dddddd;width: 5%;text-align: left;padding: 8px\">Hor\u00e1rio<\/th>\n<th style=\"border: 1px solid #dddddd;width: 20%;text-align: left;padding: 8px\">A\u00e7\u00e3o<\/th>\n<th style=\"border: 1px solid #dddddd;width: 40%;text-align: left;padding: 8px\">Descri\u00e7\u00e3o<\/th>\n<th style=\"border: 1px solid #dddddd;width: 5%;text-align: left;padding: 8px;margin-left: auto\">Organizador<\/th>\n<th style=\"border: 1px solid #dddddd;width: 20%;text-align: left;padding: 8px\">Local<\/th>\n<th style=\"border: 1px solid #dddddd;width: 10%;text-align: left;padding: 8px\">Informa\u00e7\u00f5es<\/th>\n<\/tr>\n<tr style=\"background-color: #dddddd\">\n<td style=\"border: 1px solid #dddddd;text-align: left;padding: 8px\">18h as 23h<\/td>\n<td style=\"border: 1px solid #dddddd;text-align: left;padding: 8px\">Festa da Solidariedade<\/td>\n<td style=\"border: 1px solid #dddddd;text-align: left;padding: 8px\">Uni\u00e3o das institui\u00e7\u00f5es do terceiro setor, profissionais liberais e iniciativa privada<\/td>\n<td style=\"border: 1px solid #dddddd;text-align: left;padding: 8px\">Seleta<\/td>\n<td style=\"border: 1px solid #dddddd;text-align: left;padding: 8px\">Sal\u00e3o de Festas da Seleta<br \/>\n(R. Pedro Celestino, 3283)<\/td>\n<td style=\"border: 1px solid #dddddd;text-align: left;padding: 8px\"><button style=\"font-size: 12px;background-color: white;color: black;border: 2px solid #4CAF50\"><a href=\"https:\/\/www.campogrande.ms.gov.br\/agetec\/evento-festa-da-solidariedade-seleta\/\" target=\"_blank\">Saiba Mais<\/a><\/button><\/td>\n<\/tr>\n<\/tbody>\n<\/table>\n<h3>Segunda-feira dia 21\/10<\/h3>\n<table style=\"font-family: arial, sans-serif;border-collapse: collapse;width: 100%\">\n<tbody>\n<tr>\n<th style=\"border: 1px solid #dddddd;width: 5%;text-align: left;padding: 8px\">Hor\u00e1rio<\/th>\n<th style=\"border: 1px solid #dddddd;width: 20%;text-align: left;padding: 8px\">A\u00e7\u00e3o<\/th>\n<th style=\"border: 1px solid #dddddd;width: 40%;text-align: left;padding: 8px\">Descri\u00e7\u00e3o<\/th>\n<th style=\"border: 1px solid #dddddd;width: 5%;text-align: left;padding: 8px;margin-left: auto\">Organizador<\/th>\n<th style=\"border: 1px solid #dddddd;width: 20%;text-align: left;padding: 8px\">Local<\/th>\n<th style=\"border: 1px solid #dddddd;width: 10%;text-align: left;padding: 8px\">Informa\u00e7\u00f5es<\/th>\n<\/tr>\n<tr style=\"background-color: #dddddd\">\n<td style=\"border: 1px solid #dddddd;text-align: left;padding: 8px\">8h as 18h30<\/td>\n<td style=\"border: 1px solid #dddddd;text-align: left;padding: 8px\">\u00d3leo Ponto<\/td>\n<td style=\"border: 1px solid #dddddd;text-align: left;padding: 8px\">A\u00e7\u00e3o de Coleta de \u00d3leo usado de cozinha, a cada 2 litros de \u00f3leo de cozinha descartados, o cidad\u00e3o recebe de volta 1 litro de \u00f3leo novo<\/td>\n<td style=\"border: 1px solid #dddddd;text-align: left;padding: 8px\">Comper<\/td>\n<td style=\"border: 1px solid #dddddd;text-align: left;padding: 8px\">Comper Spipe Calarge<br \/>\n(R. Spipe Calarge, 1673 &#8211; Jardim Tv Morena)<\/td>\n<td style=\"border: 1px solid #dddddd;text-align: left;padding: 8px\"><button style=\"font-size: 12px;background-color: white;color: black;border: 2px solid #4CAF50\"><a href=\"https:\/\/www.campogrande.ms.gov.br\/agetec\/oleo-ponto\/\" target=\"_blank\">Saiba Mais<\/a><\/button><\/td>\n<\/tr>\n<tr>\n<td style=\"border: 1px solid #dddddd;text-align: left;padding: 8px\">8h as 19h<\/td>\n<td style=\"border: 1px solid #dddddd;text-align: left;padding: 8px\">Ponto de Entrega Volunt\u00e1ria de Res\u00edduos S\u00f3lidos<\/td>\n<td style=\"border: 1px solid #dddddd;text-align: left;padding: 8px\">Stands de sensibiliza\u00e7\u00e3o sobre res\u00edduos s\u00f3lidos e ponto de entrega volunt\u00e1ria tempor\u00e1rio na UFMS<\/td>\n<td style=\"border: 1px solid #dddddd;text-align: left;padding: 8px\">UFMS<\/td>\n<td style=\"border: 1px solid #dddddd;text-align: left;padding: 8px\">Corredor Central da UFMS<br \/>\n(R. UFMS, s\/n &#8211; Pioneiros)<\/td>\n<td style=\"border: 1px solid #dddddd;text-align: left;padding: 8px\"><button style=\"font-size: 12px;background-color: white;color: black;border: 2px solid #4CAF50\"><a href=\"https:\/\/www.campogrande.ms.gov.br\/agetec\/ponto-de-entrega-voluntaria-de-residuos-solidos\/\" target=\"_blank\">Saiba Mais<\/a><\/button><\/td>\n<\/tr>\n<tr style=\"background-color: #dddddd\">\n<td style=\"border: 1px solid #dddddd;text-align: left;padding: 8px\">8h as 17h<\/td>\n<td style=\"border: 1px solid #dddddd;text-align: left;padding: 8px\">Coleta de Res\u00edduos Eletr\u00f4nicos<\/td>\n<td style=\"border: 1px solid #dddddd;text-align: left;padding: 8px\">Ponto de Coleta de Res\u00edduos Eletr\u00f4nicos na C\u00e2mara Municipal de Campo Grande<\/td>\n<td style=\"border: 1px solid #dddddd;text-align: left;padding: 8px\">Vereadora Dharleng\/C\u00e2mara Municipal<\/td>\n<td style=\"border: 1px solid #dddddd;text-align: left;padding: 8px\">Estacionamento da C\u00e2mara Municipal<br \/>\n(Av. Ricardo Brand\u00e3o, 1600)<\/td>\n<td style=\"border: 1px solid #dddddd;text-align: left;padding: 8px\"><button style=\"font-size: 12px;background-color: white;color: black;border: 2px solid #4CAF50\"><a href=\"https:\/\/www.campogrande.ms.gov.br\/agetec\/coleta-de-residuos-eletronicos\/\" target=\"_blank\">Saiba Mais<\/a><\/button><\/td>\n<\/tr>\n<tr>\n<td style=\"border: 1px solid #dddddd;text-align: left;padding: 8px\">8h as 11h<\/td>\n<td style=\"border: 1px solid #dddddd;text-align: left;padding: 8px\">SaberArte Quintal Aventura<\/td>\n<td style=\"border: 1px solid #dddddd;text-align: left;padding: 8px\">Espa\u00e7o dedicado ao l\u00fadico (reciclagem com arte) e a viv\u00eancia no quintal m\u00e1gico a partir dos outros elementos da natureza<\/td>\n<td style=\"border: 1px solid #dddddd;text-align: left;padding: 8px\">SaberArte Quintal Aventura<\/td>\n<td style=\"border: 1px solid #dddddd;text-align: left;padding: 8px\">Portal da Lagoa<br \/>\n(R. Enzio Massi, Q.01 L.14)<\/td>\n<td style=\"border: 1px solid #dddddd;text-align: left;padding: 8px\"><button style=\"font-size: 12px;background-color: white;color: black;border: 2px solid #4CAF50\"><a href=\"https:\/\/www.campogrande.ms.gov.br\/agetec\/saberarte-quintal-aventura\/\" target=\"_blank\">Saiba Mais<\/a><\/button><\/td>\n<\/tr>\n<tr style=\"background-color: #dddddd\">\n<td style=\"border: 1px solid #dddddd;text-align: left;padding: 8px\">14h as 16h<\/td>\n<td style=\"border: 1px solid #dddddd;text-align: left;padding: 8px\">Di\u00e1logo de Primavera &#8211; Visita F\u00e1brica da Angi Chocolates<\/td>\n<td style=\"border: 1px solid #dddddd;text-align: left;padding: 8px\">Objetivo de fomentar o debate e a reflex\u00e3o sobre a economia circular e empreendedorismo com visita t\u00e9cnica \u00e0 f\u00e1brica da ANGI<\/td>\n<td style=\"border: 1px solid #dddddd;text-align: left;padding: 8px\">PLANURB\/PMCG e ANGI<\/td>\n<td style=\"border: 1px solid #dddddd;text-align: left;padding: 8px\">Incubadora MUnicipal Norman Edward Hanson<br \/>\n(Av. General Carlos Mendon\u00e7a Lima, 2251 &#8211; Jardim Santa Em\u00edlia)<\/td>\n<td style=\"border: 1px solid #dddddd;text-align: left;padding: 8px\"><button style=\"font-size: 12px;background-color: white;color: black;border: 2px solid #4CAF50\"><a href=\"https:\/\/www.campogrande.ms.gov.br\/agetec\/artigos\/evento-dialogo-de-primavera\/\" target=\"_blank\">Saiba Mais<\/a><\/button><\/td>\n<\/tr>\n<tr>\n<td style=\"border: 1px solid #dddddd;text-align: left;padding: 8px\">14h as 17h<\/td>\n<td style=\"border: 1px solid #dddddd;text-align: left;padding: 8px\">SaberArte Quintal Aventura<\/td>\n<td style=\"border: 1px solid #dddddd;text-align: left;padding: 8px\">Espa\u00e7o dedicado ao l\u00fadico (reciclagem com arte) e a viv\u00eancia no quintal m\u00e1gico a partir dos outros elementos da natureza<\/td>\n<td style=\"border: 1px solid #dddddd;text-align: left;padding: 8px\">SaberArte Quintal Aventura<\/td>\n<td style=\"border: 1px solid #dddddd;text-align: left;padding: 8px\">Portal da Lagoa<br \/>\n(R. Enzio Massi, Q.01 L.14)<\/td>\n<td style=\"border: 1px solid #dddddd;text-align: left;padding: 8px\"><button style=\"font-size: 12px;background-color: white;color: black;border: 2px solid #4CAF50\"><a href=\"https:\/\/www.campogrande.ms.gov.br\/agetec\/saberarte-quintal-aventura\/\" target=\"_blank\">Saiba Mais<\/a><\/button><\/td>\n<\/tr>\n<tr style=\"background-color: #dddddd\">\n<td style=\"border: 1px solid #dddddd;text-align: left;padding: 8px\">18h as 23h<\/td>\n<td style=\"border: 1px solid #dddddd;text-align: left;padding: 8px\">Festa da Solidariedade<\/td>\n<td style=\"border: 1px solid #dddddd;text-align: left;padding: 8px\">Uni\u00e3o das institui\u00e7\u00f5es do terceiro setor, profissionais liberais e iniciativa privada<\/td>\n<td style=\"border: 1px solid #dddddd;text-align: left;padding: 8px\">Seleta<\/td>\n<td style=\"border: 1px solid #dddddd;text-align: left;padding: 8px\">Sal\u00e3o de Festas da Seleta<br \/>\n(R. Pedro Celestino, 3283)<\/td>\n<td style=\"border: 1px solid #dddddd;text-align: left;padding: 8px\"><button style=\"font-size: 12px;background-color: white;color: black;border: 2px solid #4CAF50\"><a href=\"https:\/\/www.campogrande.ms.gov.br\/agetec\/evento-festa-da-solidariedade-seleta\/\" target=\"_blank\">Saiba Mais<\/a><\/button><\/td>\n<\/tr>\n<tr>\n<td style=\"border: 1px solid #dddddd;text-align: left;padding: 8px\">19h as 21h<\/td>\n<td style=\"border: 1px solid #dddddd;text-align: left;padding: 8px\">Aul\u00e3o de Log\u00edstica Reversa na Industria &#8211; Utopia ou Realidade?<\/td>\n<td style=\"border: 1px solid #dddddd;text-align: left;padding: 8px\">Maior entendimento sobre log\u00edstica reversa, casos pr\u00e1ticos de industrias, resposta a quest\u00e3o levantada<\/td>\n<td style=\"border: 1px solid #dddddd;text-align: left;padding: 8px\">Centro Universit\u00e1rio Anhanguera Campo Grande<\/td>\n<td style=\"border: 1px solid #dddddd;text-align: left;padding: 8px\">Centro Universit\u00e1rio Anhanguera Campo Grande<br \/>\n(Av. Gury Marques, 3203)<\/td>\n<td style=\"border: 1px solid #dddddd;text-align: left;padding: 8px\"><button style=\"font-size: 12px;background-color: white;color: black;border: 2px solid #4CAF50\"><a href=\"https:\/\/www.campogrande.ms.gov.br\/agetec\/aulao-de-logistica-reversa-na-industria\/\" target=\"_blank\">Saiba Mais<\/a><\/button><\/td>\n<\/tr>\n<\/tbody>\n<\/table>\n<h3>Ter\u00e7a-feira dia 22\/10<\/h3>\n<table style=\"font-family: arial, sans-serif;border-collapse: collapse;width: 100%\">\n<tbody>\n<tr>\n<th style=\"border: 1px solid #dddddd;width: 5%;text-align: left;padding: 8px\">Hor\u00e1rio<\/th>\n<th style=\"border: 1px solid #dddddd;width: 20%;text-align: left;padding: 8px\">A\u00e7\u00e3o<\/th>\n<th style=\"border: 1px solid #dddddd;width: 40%;text-align: left;padding: 8px\">Descri\u00e7\u00e3o<\/th>\n<th style=\"border: 1px solid #dddddd;width: 5%;text-align: left;padding: 8px;margin-left: auto\">Organizador<\/th>\n<th style=\"border: 1px solid #dddddd;width: 20%;text-align: left;padding: 8px\">Local<\/th>\n<th style=\"border: 1px solid #dddddd;width: 10%;text-align: left;padding: 8px\">Informa\u00e7\u00f5es<\/th>\n<\/tr>\n<tr style=\"background-color: #dddddd\">\n<td style=\"border: 1px solid #dddddd;text-align: left;padding: 8px\">8h as 18h30<\/td>\n<td style=\"border: 1px solid #dddddd;text-align: left;padding: 8px\">\u00d3leo Ponto<\/td>\n<td style=\"border: 1px solid #dddddd;text-align: left;padding: 8px\">A\u00e7\u00e3o de Coleta de \u00d3leo usado de cozinha, a cada 2 litros de \u00f3leo de cozinha descartados, o cidad\u00e3o recebe de volta 1 litro de \u00f3leo novo<\/td>\n<td style=\"border: 1px solid #dddddd;text-align: left;padding: 8px\">Comper<\/td>\n<td style=\"border: 1px solid #dddddd;text-align: left;padding: 8px\">Comper Spipe Calarge<br \/>\n(R. Spipe Calarge, 1673 &#8211; Jardim Tv Morena)<\/td>\n<td style=\"border: 1px solid #dddddd;text-align: left;padding: 8px\"><button style=\"font-size: 12px;background-color: white;color: black;border: 2px solid #4CAF50\"><a href=\"https:\/\/www.campogrande.ms.gov.br\/agetec\/oleo-ponto\/\" target=\"_blank\">Saiba Mais<\/a><\/button><\/td>\n<\/tr>\n<tr>\n<td style=\"border: 1px solid #dddddd;text-align: left;padding: 8px\">8h as 19h<\/td>\n<td style=\"border: 1px solid #dddddd;text-align: left;padding: 8px\">Ponto de Entrega Volunt\u00e1ria de Res\u00edduos S\u00f3lidos<\/td>\n<td style=\"border: 1px solid #dddddd;text-align: left;padding: 8px\">Stands de sensibiliza\u00e7\u00e3o sobre res\u00edduos s\u00f3lidos e ponto de entrega volunt\u00e1ria tempor\u00e1rio na UFMS<\/td>\n<td style=\"border: 1px solid #dddddd;text-align: left;padding: 8px\">UFMS<\/td>\n<td style=\"border: 1px solid #dddddd;text-align: left;padding: 8px\">Corredor Central da UFMS<br \/>\n(R. UFMS, s\/n &#8211; Pioneiros)<\/td>\n<td style=\"border: 1px solid #dddddd;text-align: left;padding: 8px\"><button style=\"font-size: 12px;background-color: white;color: black;border: 2px solid #4CAF50\"><a href=\"https:\/\/www.campogrande.ms.gov.br\/agetec\/ponto-de-entrega-voluntaria-de-residuos-solidos\/\" target=\"_blank\">Saiba Mais<\/a><\/button><\/td>\n<\/tr>\n<tr style=\"background-color: #dddddd\">\n<td style=\"border: 1px solid #dddddd;text-align: left;padding: 8px\">8h as 17h<\/td>\n<td style=\"border: 1px solid #dddddd;text-align: left;padding: 8px\">Coleta de Res\u00edduos Eletr\u00f4nicos<\/td>\n<td style=\"border: 1px solid #dddddd;text-align: left;padding: 8px\">Ponto de Coleta de Res\u00edduos Eletr\u00f4nicos na C\u00e2mara Municipal de Campo Grande<\/td>\n<td style=\"border: 1px solid #dddddd;text-align: left;padding: 8px\">Vereadora Dharleng\/C\u00e2mara Municipal<\/td>\n<td style=\"border: 1px solid #dddddd;text-align: left;padding: 8px\">Estacionamento da C\u00e2mara Municipal<br \/>\n(Av. Ricardo Brand\u00e3o, 1600)<\/td>\n<td style=\"border: 1px solid #dddddd;text-align: left;padding: 8px\"><button style=\"font-size: 12px;background-color: white;color: black;border: 2px solid #4CAF50\"><a href=\"https:\/\/www.campogrande.ms.gov.br\/agetec\/coleta-de-residuos-eletronicos\/\" target=\"_blank\">Saiba Mais<\/a><\/button><\/td>\n<\/tr>\n<tr>\n<td style=\"border: 1px solid #dddddd;text-align: left;padding: 8px\">8h as 11h<\/td>\n<td style=\"border: 1px solid #dddddd;text-align: left;padding: 8px\">SaberArte Quintal Aventura<\/td>\n<td style=\"border: 1px solid #dddddd;text-align: left;padding: 8px\">Espa\u00e7o dedicado ao l\u00fadico (reciclagem com arte) e a viv\u00eancia no quintal m\u00e1gico a partir dos outros elementos da natureza<\/td>\n<td style=\"border: 1px solid #dddddd;text-align: left;padding: 8px\">SaberArte Quintal Aventura<\/td>\n<td style=\"border: 1px solid #dddddd;text-align: left;padding: 8px\">Portal da Lagoa<br \/>\n(R. Enzio Massi, Q.01 L.14)<\/td>\n<td style=\"border: 1px solid #dddddd;text-align: left;padding: 8px\"><button style=\"font-size: 12px;background-color: white;color: black;border: 2px solid #4CAF50\"><a href=\"https:\/\/www.campogrande.ms.gov.br\/agetec\/saberarte-quintal-aventura\/\" target=\"_blank\">Saiba Mais<\/a><\/button><\/td>\n<\/tr>\n<tr style=\"background-color: #dddddd\">\n<td style=\"border: 1px solid #dddddd;text-align: left;padding: 8px\">15h as 20h<\/td>\n<td style=\"border: 1px solid #dddddd;text-align: left;padding: 8px\">Startup no Cen\u00e1rio Sustent\u00e1vel<\/td>\n<td style=\"border: 1px solid #dddddd;text-align: left;padding: 8px\">Apresenta\u00e7\u00e3o de produtos, network e cases de startups sustent\u00e1veis<\/td>\n<td style=\"border: 1px solid #dddddd;text-align: left;padding: 8px\">LivingLab-MS e Du Bem<\/td>\n<td style=\"border: 1px solid #dddddd;text-align: left;padding: 8px\">LivingLab-MS<br \/>\n(R. Brasil, 205)<\/td>\n<td style=\"border: 1px solid #dddddd;text-align: left;padding: 8px\"><button style=\"font-size: 12px;background-color: white;color: black;border: 2px solid #4CAF50\"><a href=\"https:\/\/www.campogrande.ms.gov.br\/agetec\/startup-no-cenario-sustentavel\/\" target=\"_blank\">Saiba Mais<\/a><\/button><\/td>\n<\/tr>\n<tr>\n<td style=\"border: 1px solid #dddddd;text-align: left;padding: 8px\">18h as 23h<\/td>\n<td style=\"border: 1px solid #dddddd;text-align: left;padding: 8px\">Festa da Solidariedade<\/td>\n<td style=\"border: 1px solid #dddddd;text-align: left;padding: 8px\">Uni\u00e3o das institui\u00e7\u00f5es do terceiro setor, profissionais liberais e iniciativa privada<\/td>\n<td style=\"border: 1px solid #dddddd;text-align: left;padding: 8px\">Seleta<\/td>\n<td style=\"border: 1px solid #dddddd;text-align: left;padding: 8px\">Sal\u00e3o de Festas da Seleta<br \/>\n(R. Pedro Celestino, 3283)<\/td>\n<td style=\"border: 1px solid #dddddd;text-align: left;padding: 8px\"><button style=\"font-size: 12px;background-color: white;color: black;border: 2px solid #4CAF50\"><a href=\"https:\/\/www.campogrande.ms.gov.br\/agetec\/evento-festa-da-solidariedade-seleta\/\" target=\"_blank\">Saiba Mais<\/a><\/button><\/td>\n<\/tr>\n<\/tbody>\n<\/table>\n<h3>Quarta-feira dia 23\/10<\/h3>\n<table style=\"font-family: arial, sans-serif;border-collapse: collapse;width: 100%\">\n<tbody>\n<tr>\n<th style=\"border: 1px solid #dddddd;width: 5%;text-align: left;padding: 8px\">Hor\u00e1rio<\/th>\n<th style=\"border: 1px solid #dddddd;width: 20%;text-align: left;padding: 8px\">A\u00e7\u00e3o<\/th>\n<th style=\"border: 1px solid #dddddd;width: 40%;text-align: left;padding: 8px\">Descri\u00e7\u00e3o<\/th>\n<th style=\"border: 1px solid #dddddd;width: 5%;text-align: left;padding: 8px;margin-left: auto\">Organizador<\/th>\n<th style=\"border: 1px solid #dddddd;width: 20%;text-align: left;padding: 8px\">Local<\/th>\n<th style=\"border: 1px solid #dddddd;width: 10%;text-align: left;padding: 8px\">Informa\u00e7\u00f5es<\/th>\n<\/tr>\n<tr style=\"background-color: #dddddd\">\n<td style=\"border: 1px solid #dddddd;text-align: left;padding: 8px\">8h as 18h30<\/td>\n<td style=\"border: 1px solid #dddddd;text-align: left;padding: 8px\">\u00d3leo Ponto<\/td>\n<td style=\"border: 1px solid #dddddd;text-align: left;padding: 8px\">A\u00e7\u00e3o de Coleta de \u00d3leo usado de cozinha, a cada 2 litros de \u00f3leo de cozinha descartados, o cidad\u00e3o recebe de volta 1 litro de \u00f3leo novo<\/td>\n<td style=\"border: 1px solid #dddddd;text-align: left;padding: 8px\">Comper<\/td>\n<td style=\"border: 1px solid #dddddd;text-align: left;padding: 8px\">Comper Spipe Calarge<br \/>\n(R. Spipe Calarge, 1673 &#8211; Jardim Tv Morena)<\/td>\n<td style=\"border: 1px solid #dddddd;text-align: left;padding: 8px\"><button style=\"font-size: 12px;background-color: white;color: black;border: 2px solid #4CAF50\"><a href=\"https:\/\/www.campogrande.ms.gov.br\/agetec\/oleo-ponto\/\" target=\"_blank\">Saiba Mais<\/a><\/button><\/td>\n<\/tr>\n<tr>\n<td style=\"border: 1px solid #dddddd;text-align: left;padding: 8px\">8h as 19h<\/td>\n<td style=\"border: 1px solid #dddddd;text-align: left;padding: 8px\">Ponto de Entrega Volunt\u00e1ria de Res\u00edduos S\u00f3lidos<\/td>\n<td style=\"border: 1px solid #dddddd;text-align: left;padding: 8px\">Stands de sensibiliza\u00e7\u00e3o sobre res\u00edduos s\u00f3lidos e ponto de entrega volunt\u00e1ria tempor\u00e1rio na UFMS<\/td>\n<td style=\"border: 1px solid #dddddd;text-align: left;padding: 8px\">UFMS<\/td>\n<td style=\"border: 1px solid #dddddd;text-align: left;padding: 8px\">Corredor Central da UFMS<br \/>\n(R. UFMS, s\/n &#8211; Pioneiros)<\/td>\n<td style=\"border: 1px solid #dddddd;text-align: left;padding: 8px\"><button style=\"font-size: 12px;background-color: white;color: black;border: 2px solid #4CAF50\"><a href=\"https:\/\/www.campogrande.ms.gov.br\/agetec\/ponto-de-entrega-voluntaria-de-residuos-solidos\/\" target=\"_blank\">Saiba Mais<\/a><\/button><\/td>\n<\/tr>\n<tr style=\"background-color: #dddddd\">\n<td style=\"border: 1px solid #dddddd;text-align: left;padding: 8px\">8h as 17h<\/td>\n<td style=\"border: 1px solid #dddddd;text-align: left;padding: 8px\">Coleta de Res\u00edduos Eletr\u00f4nicos<\/td>\n<td style=\"border: 1px solid #dddddd;text-align: left;padding: 8px\">Ponto de Coleta de Res\u00edduos Eletr\u00f4nicos na C\u00e2mara Municipal de Campo Grande<\/td>\n<td style=\"border: 1px solid #dddddd;text-align: left;padding: 8px\">Vereadora Dharleng\/C\u00e2mara Municipal<\/td>\n<td style=\"border: 1px solid #dddddd;text-align: left;padding: 8px\">Estacionamento da C\u00e2mara Municipal<br \/>\n(Av. Ricardo Brand\u00e3o, 1600)<\/td>\n<td style=\"border: 1px solid #dddddd;text-align: left;padding: 8px\"><button style=\"font-size: 12px;background-color: white;color: black;border: 2px solid #4CAF50\"><a href=\"https:\/\/www.campogrande.ms.gov.br\/agetec\/coleta-de-residuos-eletronicos\/\" target=\"_blank\">Saiba Mais<\/a><\/button><\/td>\n<\/tr>\n<tr>\n<td style=\"border: 1px solid #dddddd;text-align: left;padding: 8px\">8h as 11h<\/td>\n<td style=\"border: 1px solid #dddddd;text-align: left;padding: 8px\">SaberArte Quintal Aventura<\/td>\n<td style=\"border: 1px solid #dddddd;text-align: left;padding: 8px\">Espa\u00e7o dedicado ao l\u00fadico (reciclagem com arte) e a viv\u00eancia no quintal m\u00e1gico a partir dos outros elementos da natureza<\/td>\n<td style=\"border: 1px solid #dddddd;text-align: left;padding: 8px\">SaberArte Quintal Aventura<\/td>\n<td style=\"border: 1px solid #dddddd;text-align: left;padding: 8px\">Portal da Lagoa<br \/>\n(R. Enzio Massi, Q.01 L.14)<\/td>\n<td style=\"border: 1px solid #dddddd;text-align: left;padding: 8px\"><button style=\"font-size: 12px;background-color: white;color: black;border: 2px solid #4CAF50\"><a href=\"https:\/\/www.campogrande.ms.gov.br\/agetec\/saberarte-quintal-aventura\/\" target=\"_blank\">Saiba Mais<\/a><\/button><\/td>\n<\/tr>\n<tr style=\"background-color: #dddddd\">\n<td style=\"border: 1px solid #dddddd;text-align: left;padding: 8px\">18h as 23h<\/td>\n<td style=\"border: 1px solid #dddddd;text-align: left;padding: 8px\">Festa da Solidariedade<\/td>\n<td style=\"border: 1px solid #dddddd;text-align: left;padding: 8px\">Uni\u00e3o das institui\u00e7\u00f5es do terceiro setor, profissionais liberais e iniciativa privada<\/td>\n<td style=\"border: 1px solid #dddddd;text-align: left;padding: 8px\">Seleta<\/td>\n<td style=\"border: 1px solid #dddddd;text-align: left;padding: 8px\">Sal\u00e3o de Festas da Seleta<br \/>\n(R. Pedro Celestino, 3283)<\/td>\n<td style=\"border: 1px solid #dddddd;text-align: left;padding: 8px\"><button style=\"font-size: 12px;background-color: white;color: black;border: 2px solid #4CAF50\"><a href=\"https:\/\/www.campogrande.ms.gov.br\/agetec\/evento-festa-da-solidariedade-seleta\/\" target=\"_blank\">Saiba Mais<\/a><\/button><\/td>\n<\/tr>\n<tr>\n<td style=\"border: 1px solid #dddddd;text-align: left;padding: 8px\">19h as 21h<\/td>\n<td style=\"border: 1px solid #dddddd;text-align: left;padding: 8px\">Bate papo &#8211; Profissionais sustent\u00e1veis se destacam no mercado de trabalho<\/td>\n<td style=\"border: 1px solid #dddddd;text-align: left;padding: 8px\">Troca de informa\u00e7\u00f5es entre profissionais e futuros profissionais de diferentes \u00e1reas sobre atividade econ\u00f4mica e manejo conciente de seus res\u00edduos<\/td>\n<td style=\"border: 1px solid #dddddd;text-align: left;padding: 8px\">UNIDERP<\/td>\n<td style=\"border: 1px solid #dddddd;text-align: left;padding: 8px\">Sala 734<br \/>\n(Av. Ceara, 333 &#8211; Miguel Couto)<\/td>\n<td style=\"border: 1px solid #dddddd;text-align: left;padding: 8px\"><button style=\"font-size: 12px;background-color: white;color: black;border: 2px solid #4CAF50\"><a href=\"https:\/\/www.campogrande.ms.gov.br\/agetec\/artigos\/evento-bate-papo-na-uniderp\/\" target=\"_blank\">Saiba Mais<\/a><\/button><\/td>\n<\/tr>\n<tr style=\"background-color: #dddddd\">\n<td style=\"border: 1px solid #dddddd;text-align: left;padding: 8px\">19h as 20h30h<\/td>\n<td style=\"border: 1px solid #dddddd;text-align: left;padding: 8px\">Bate papo: Gest\u00e3o de Res\u00edduos da Constru\u00e7\u00e3o Civil<\/td>\n<td style=\"border: 1px solid #dddddd;text-align: left;padding: 8px\">Promover a discuss\u00e3o abertamente sobre o tema<\/td>\n<td style=\"border: 1px solid #dddddd;text-align: left;padding: 8px\">Faculdade Est\u00e1cio de S\u00e1<\/td>\n<td style=\"border: 1px solid #dddddd;text-align: left;padding: 8px\">Audit\u00f3rio principal da Faculdade Est\u00e1cio de S\u00e1<br \/>\n(R. Fernando Correa da Costa, 1800)<\/td>\n<td style=\"border: 1px solid #dddddd;text-align: left;padding: 8px\"><button style=\"font-size: 12px;background-color: white;color: black;border: 2px solid #4CAF50\"><a href=\"http:\/\/participa.campogrande.ms.gov.br\/acoes\/15\/detalhe?local=7\" target=\"_blank\">Saiba Mais<\/a><\/button><\/td>\n<\/tr>\n<tr>\n<td style=\"border: 1px solid #dddddd;text-align: left;padding: 8px\">19h as 22h<\/td>\n<td style=\"border: 1px solid #dddddd;text-align: left;padding: 8px\">Roda de Conversa &#8211; Lixo: o qu\u00ea minha profiss\u00e3o tem com isso?<\/td>\n<td style=\"border: 1px solid #dddddd;text-align: left;padding: 8px\">Convite para reflex\u00e3o sobre consumo e responsabilidade pelos res\u00edduos provenientes em diferentes profissi\u00f5es, visando a sensibilidade e mudan\u00e7a de atitudes<\/td>\n<td style=\"border: 1px solid #dddddd;text-align: left;padding: 8px\">UFMS<\/td>\n<td style=\"border: 1px solid #dddddd;text-align: left;padding: 8px\">Audit\u00f3rio Bloco 18 (INBIO) da UFMS<\/td>\n<td style=\"border: 1px solid #dddddd;text-align: left;padding: 8px\"><button style=\"font-size: 12px;background-color: white;color: black;border: 2px solid #4CAF50\"><a href=\"https:\/\/www.campogrande.ms.gov.br\/agetec\/roda-de-conversa\/\" target=\"_blank\">Saiba Mais<\/a><\/button><\/td>\n<\/tr>\n<\/tbody>\n<\/table>\n<h3>Quinta-feira dia 24\/10<\/h3>\n<table style=\"font-family: arial, sans-serif;border-collapse: collapse;width: 100%\">\n<tbody>\n<tr>\n<th style=\"border: 1px solid #dddddd;width: 5%;text-align: left;padding: 8px\">Hor\u00e1rio<\/th>\n<th style=\"border: 1px solid #dddddd;width: 20%;text-align: left;padding: 8px\">A\u00e7\u00e3o<\/th>\n<th style=\"border: 1px solid #dddddd;width: 40%;text-align: left;padding: 8px\">Descri\u00e7\u00e3o<\/th>\n<th style=\"border: 1px solid #dddddd;width: 5%;text-align: left;padding: 8px;margin-left: auto\">Organizador<\/th>\n<th style=\"border: 1px solid #dddddd;width: 20%;text-align: left;padding: 8px\">Local<\/th>\n<th style=\"border: 1px solid #dddddd;width: 10%;text-align: left;padding: 8px\">Informa\u00e7\u00f5es<\/th>\n<\/tr>\n<tr style=\"background-color: #dddddd\">\n<td style=\"border: 1px solid #dddddd;text-align: left;padding: 8px\">8h as 18h30<\/td>\n<td style=\"border: 1px solid #dddddd;text-align: left;padding: 8px\">\u00d3leo Ponto<\/td>\n<td style=\"border: 1px solid #dddddd;text-align: left;padding: 8px\">A\u00e7\u00e3o de Coleta de \u00d3leo usado de cozinha, a cada 2 litros de \u00f3leo de cozinha descartados, o cidad\u00e3o recebe de volta 1 litro de \u00f3leo novo<\/td>\n<td style=\"border: 1px solid #dddddd;text-align: left;padding: 8px\">Comper<\/td>\n<td style=\"border: 1px solid #dddddd;text-align: left;padding: 8px\">Comper Spipe Calarge<br \/>\n(R. Spipe Calarge, 1673 &#8211; Jardim Tv Morena)<\/td>\n<td style=\"border: 1px solid #dddddd;text-align: left;padding: 8px\"><button style=\"font-size: 12px;background-color: white;color: black;border: 2px solid #4CAF50\"><a href=\"https:\/\/www.campogrande.ms.gov.br\/agetec\/oleo-ponto\/\" target=\"_blank\">Saiba Mais<\/a><\/button><\/td>\n<\/tr>\n<tr>\n<td style=\"border: 1px solid #dddddd;text-align: left;padding: 8px\">8h as 19h<\/td>\n<td style=\"border: 1px solid #dddddd;text-align: left;padding: 8px\">Ponto de Entrega Volunt\u00e1ria de Res\u00edduos S\u00f3lidos<\/td>\n<td style=\"border: 1px solid #dddddd;text-align: left;padding: 8px\">Stands de sensibiliza\u00e7\u00e3o sobre res\u00edduos s\u00f3lidos e ponto de entrega volunt\u00e1ria tempor\u00e1rio na UFMS<\/td>\n<td style=\"border: 1px solid #dddddd;text-align: left;padding: 8px\">UFMS<\/td>\n<td style=\"border: 1px solid #dddddd;text-align: left;padding: 8px\">Corredor Central da UFMS<br \/>\n(R. UFMS, s\/n &#8211; Pioneiros)<\/td>\n<td style=\"border: 1px solid #dddddd;text-align: left;padding: 8px\"><button style=\"font-size: 12px;background-color: white;color: black;border: 2px solid #4CAF50\"><a href=\"https:\/\/www.campogrande.ms.gov.br\/agetec\/ponto-de-entrega-voluntaria-de-residuos-solidos\/\" target=\"_blank\">Saiba Mais<\/a><\/button><\/td>\n<\/tr>\n<tr style=\"background-color: #dddddd\">\n<td style=\"border: 1px solid #dddddd;text-align: left;padding: 8px\">8h as 17h<\/td>\n<td style=\"border: 1px solid #dddddd;text-align: left;padding: 8px\">Coleta de Res\u00edduos Eletr\u00f4nicos<\/td>\n<td style=\"border: 1px solid #dddddd;text-align: left;padding: 8px\">Ponto de Coleta de Res\u00edduos Eletr\u00f4nicos na C\u00e2mara Municipal de Campo Grande<\/td>\n<td style=\"border: 1px solid #dddddd;text-align: left;padding: 8px\">Vereadora Dharleng\/C\u00e2mara Municipal<\/td>\n<td style=\"border: 1px solid #dddddd;text-align: left;padding: 8px\">Estacionamento da C\u00e2mara Municipal<br \/>\n(Av. Ricardo Brand\u00e3o, 1600)<\/td>\n<td style=\"border: 1px solid #dddddd;text-align: left;padding: 8px\"><button style=\"font-size: 12px;background-color: white;color: black;border: 2px solid #4CAF50\"><a href=\"https:\/\/www.campogrande.ms.gov.br\/agetec\/coleta-de-residuos-eletronicos\/\" target=\"_blank\">Saiba Mais<\/a><\/button><\/td>\n<\/tr>\n<tr>\n<td style=\"border: 1px solid #dddddd;text-align: left;padding: 8px\">14h as 16h<\/td>\n<td style=\"border: 1px solid #dddddd;text-align: left;padding: 8px\">Di\u00e1logo de Primavera &#8211; Visita F\u00e1brica da Angi Chocolates<\/td>\n<td style=\"border: 1px solid #dddddd;text-align: left;padding: 8px\">Objetivo de fomentar o debate e a reflex\u00e3o sobre a economia circular e empreendedorismo com visita t\u00e9cnica \u00e0 f\u00e1brica da ANGI<\/td>\n<td style=\"border: 1px solid #dddddd;text-align: left;padding: 8px\">PLANURB\/PMCG e ANGI<\/td>\n<td style=\"border: 1px solid #dddddd;text-align: left;padding: 8px\">Incubadora MUnicipal Norman Edward Hanson<br \/>\n(Av. General Carlos Mendon\u00e7a Lima, 2251 &#8211; Jardim Santa Em\u00edlia)<\/td>\n<td style=\"border: 1px solid #dddddd;text-align: left;padding: 8px\"><button style=\"font-size: 12px;background-color: white;color: black;border: 2px solid #4CAF50\"><a href=\"https:\/\/www.campogrande.ms.gov.br\/agetec\/artigos\/evento-dialogo-de-primavera\/\" target=\"_blank\">Saiba Mais<\/a><\/button><\/td>\n<\/tr>\n<tr style=\"background-color: #dddddd\">\n<td style=\"border: 1px solid #dddddd;text-align: left;padding: 8px\">18h as 23h<\/td>\n<td style=\"border: 1px solid #dddddd;text-align: left;padding: 8px\">Festa da Solidariedade<\/td>\n<td style=\"border: 1px solid #dddddd;text-align: left;padding: 8px\">Uni\u00e3o das institui\u00e7\u00f5es do terceiro setor, profissionais liberais e iniciativa privada<\/td>\n<td style=\"border: 1px solid #dddddd;text-align: left;padding: 8px\">Seleta<\/td>\n<td style=\"border: 1px solid #dddddd;text-align: left;padding: 8px\">Sal\u00e3o de Festas da Seleta<br \/>\n(R. Pedro Celestino, 3283)<\/td>\n<td style=\"border: 1px solid #dddddd;text-align: left;padding: 8px\"><button style=\"font-size: 12px;background-color: white;color: black;border: 2px solid #4CAF50\"><a href=\"https:\/\/www.campogrande.ms.gov.br\/agetec\/evento-festa-da-solidariedade-seleta\/\" target=\"_blank\">Saiba Mais<\/a><\/button><\/td>\n<\/tr>\n<\/tbody>\n<\/table>\n<h3>Sexta-feira dia 25\/10<\/h3>\n<table style=\"font-family: arial, sans-serif;border-collapse: collapse;width: 100%\">\n<tbody>\n<tr>\n<th style=\"border: 1px solid #dddddd;width: 5%;text-align: left;padding: 8px\">Hor\u00e1rio<\/th>\n<th style=\"border: 1px solid #dddddd;width: 20%;text-align: left;padding: 8px\">A\u00e7\u00e3o<\/th>\n<th style=\"border: 1px solid #dddddd;width: 40%;text-align: left;padding: 8px\">Descri\u00e7\u00e3o<\/th>\n<th style=\"border: 1px solid #dddddd;width: 5%;text-align: left;padding: 8px;margin-left: auto\">Organizador<\/th>\n<th style=\"border: 1px solid #dddddd;width: 20%;text-align: left;padding: 8px\">Local<\/th>\n<th style=\"border: 1px solid #dddddd;width: 10%;text-align: left;padding: 8px\">Informa\u00e7\u00f5es<\/th>\n<\/tr>\n<tr style=\"background-color: #dddddd\">\n<td style=\"border: 1px solid #dddddd;text-align: left;padding: 8px\">8h as 18h30<\/td>\n<td style=\"border: 1px solid #dddddd;text-align: left;padding: 8px\">\u00d3leo Ponto<\/td>\n<td style=\"border: 1px solid #dddddd;text-align: left;padding: 8px\">A\u00e7\u00e3o de Coleta de \u00d3leo usado de cozinha, a cada 2 litros de \u00f3leo de cozinha descartados, o cidad\u00e3o recebe de volta 1 litro de \u00f3leo novo<\/td>\n<td style=\"border: 1px solid #dddddd;text-align: left;padding: 8px\">Comper<\/td>\n<td style=\"border: 1px solid #dddddd;text-align: left;padding: 8px\">Comper Spipe Calarge<br \/>\n(R. Spipe Calarge, 1673 &#8211; Jardim Tv Morena)<\/td>\n<td style=\"border: 1px solid #dddddd;text-align: left;padding: 8px\"><button style=\"font-size: 12px;background-color: white;color: black;border: 2px solid #4CAF50\"><a href=\"https:\/\/www.campogrande.ms.gov.br\/agetec\/oleo-ponto\/\" target=\"_blank\">Saiba Mais<\/a><\/button><\/td>\n<\/tr>\n<tr>\n<td style=\"border: 1px solid #dddddd;text-align: left;padding: 8px\">8h as 18h30<\/td>\n<td style=\"border: 1px solid #dddddd;text-align: left;padding: 8px\">Semin\u00e1rio dos Res\u00edduos S\u00f3lidos &#8211; Experi\u00eancias, Oportunidades e Desafios<\/td>\n<td style=\"border: 1px solid #dddddd;text-align: left;padding: 8px\">Semin\u00e1rio com objetivo de estimular o debate sobre os desafios e oportunidades na gest\u00e3o de res\u00edduos s\u00f3lidos e mostrar experi\u00eancias de sucesso em sua valora\u00e7\u00e3o<\/td>\n<td style=\"border: 1px solid #dddddd;text-align: left;padding: 8px\">UFMS, UNIDERP e CREA\/MS<\/td>\n<td style=\"border: 1px solid #dddddd;text-align: left;padding: 8px\">CREA\/MS<br \/>\n(R. Sebasti\u00e3o Taveira, 272 &#8211; Monte Castelo)<\/td>\n<td style=\"border: 1px solid #dddddd;text-align: left;padding: 8px\"><button style=\"font-size: 12px;background-color: white;color: black;border: 2px solid #4CAF50\"><a href=\"https:\/\/www.campogrande.ms.gov.br\/agetec\/seminario-de-residuos-solidos-experiencias-oportunidades-e-desafios\/\" target=\"_blank\">Saiba Mais<\/a><\/button><\/td>\n<\/tr>\n<tr style=\"background-color: #dddddd\">\n<td style=\"border: 1px solid #dddddd;text-align: left;padding: 8px\">8h as 17h<\/td>\n<td style=\"border: 1px solid #dddddd;text-align: left;padding: 8px\">Mutir\u00e3o de Limpeza &#8211; Um mundo melhor come\u00e7a por voc\u00ea<\/td>\n<td style=\"border: 1px solid #dddddd;text-align: left;padding: 8px\">Mutir\u00e3o de limpeza das vias p\u00fablicas e pra\u00e7as, implanta\u00e7\u00e3o de pontos de descarte de oleo usado e plantio de mudas<\/td>\n<td style=\"border: 1px solid #dddddd;text-align: left;padding: 8px\">Comper<\/td>\n<td style=\"border: 1px solid #dddddd;text-align: left;padding: 8px\">(R. Clodoaldo Huguenei Sobrinho, 314-378)<\/td>\n<td style=\"border: 1px solid #dddddd;text-align: left;padding: 8px\"><button style=\"font-size: 12px;background-color: white;color: black;border: 2px solid #4CAF50\"><a href=\"https:\/\/www.campogrande.ms.gov.br\/agetec\/mutirao-de-limpeza-um-mundo-melhor-comeca-por-voce\/\" target=\"_blank\">Saiba Mais<\/a><\/button><\/td>\n<\/tr>\n<tr>\n<td style=\"border: 1px solid #dddddd;text-align: left;padding: 8px\">8h as 17h<\/td>\n<td style=\"border: 1px solid #dddddd;text-align: left;padding: 8px\">Coleta de Res\u00edduos Eletr\u00f4nicos<\/td>\n<td style=\"border: 1px solid #dddddd;text-align: left;padding: 8px\">Ponto de Coleta de Res\u00edduos Eletr\u00f4nicos na C\u00e2mara Municipal de Campo Grande<\/td>\n<td style=\"border: 1px solid #dddddd;text-align: left;padding: 8px\">Vereadora Dharleng\/C\u00e2mara Municipal<\/td>\n<td style=\"border: 1px solid #dddddd;text-align: left;padding: 8px\">Estacionamento da C\u00e2mara Municipal<br \/>\n(Av. Ricardo Brand\u00e3o, 1600)<\/td>\n<td style=\"border: 1px solid #dddddd;text-align: left;padding: 8px\"><button style=\"font-size: 12px;background-color: white;color: black;border: 2px solid #4CAF50\"><a href=\"https:\/\/www.campogrande.ms.gov.br\/agetec\/coleta-de-residuos-eletronicos\/\" target=\"_blank\">Saiba Mais<\/a><\/button><\/td>\n<\/tr>\n<tr style=\"background-color: #dddddd\">\n<td style=\"border: 1px solid #dddddd;text-align: left;padding: 8px\">8h30 as 12h30<\/td>\n<td style=\"border: 1px solid #dddddd;text-align: left;padding: 8px\">Oficina Papel Reciclado<\/td>\n<td style=\"border: 1px solid #dddddd;text-align: left;padding: 8px\">Oficina de ensino de artes com papel reciclado<\/td>\n<td style=\"border: 1px solid #dddddd;text-align: left;padding: 8px\">SEGOV\/PMCG<\/td>\n<td style=\"border: 1px solid #dddddd;text-align: left;padding: 8px\">CEA Polon\u00eas<br \/>\n(R. Corveta, 141 &#8211; Carand\u00e1 Bosque)<\/td>\n<td style=\"border: 1px solid #dddddd;text-align: left;padding: 8px\"><button style=\"font-size: 12px;background-color: white;color: black;border: 2px solid #4CAF50\"><a href=\"https:\/\/www.campogrande.ms.gov.br\/agetec\/ofinica-papel-reciclado\/\" target=\"_blank\">Saiba Mais<\/a><\/button><\/td>\n<\/tr>\n<tr>\n<td style=\"border: 1px solid #dddddd;text-align: left;padding: 8px\">9h30 as 18h30<\/td>\n<td style=\"border: 1px solid #dddddd;text-align: left;padding: 8px\">Zero Res\u00edduos Eletr\u00f4nicos<\/td>\n<td style=\"border: 1px solid #dddddd;text-align: left;padding: 8px\">A\u00e7\u00e3o de Coleta de Res\u00edduos Eletr\u00f4nicos<\/td>\n<td style=\"border: 1px solid #dddddd;text-align: left;padding: 8px\">AGETEC\/PMCG e Solurb<\/td>\n<td style=\"border: 1px solid #dddddd;text-align: left;padding: 8px\">Parque do S\u00f3ter &#8211;<br \/>\nPr\u00f3ximo \u00e0 Avenida Via Park em Frente ao condom\u00ednio Vitalit\u00e1 (R. Rio Negro)<\/td>\n<td style=\"border: 1px solid #dddddd;text-align: left;padding: 8px\"><button style=\"font-size: 12px;background-color: white;color: black;border: 2px solid #4CAF50\"><a href=\"https:\/\/www.campogrande.ms.gov.br\/agetec\/coleta-de-residuos-eletronicos\/\" target=\"_blank\">Saiba Mais<\/a><\/button><\/td>\n<\/tr>\n<tr style=\"background-color: #dddddd\">\n<td style=\"border: 1px solid #dddddd;text-align: left;padding: 8px\">14h as 16h30<\/td>\n<td style=\"border: 1px solid #dddddd;text-align: left;padding: 8px\">Visita ao Ciclos<\/td>\n<td style=\"border: 1px solid #dddddd;text-align: left;padding: 8px\">O Ciclos \u00e9 uma a\u00e7\u00e3o socio ambiental de integra\u00e7\u00e3o dos colaboradores, gerando benef\u00edcios para a comunidade<\/td>\n<td style=\"border: 1px solid #dddddd;text-align: left;padding: 8px\">REALH H<\/td>\n<td style=\"border: 1px solid #dddddd;text-align: left;padding: 8px\">REAL H<br \/>\n(Av. Zil\u00e1 Corr\u00eaa Machado, 12068 &#8211; Parque Res. Maria Aparecida Pedrossian)<\/td>\n<td style=\"border: 1px solid #dddddd;text-align: left;padding: 8px\"><button style=\"font-size: 12px;background-color: white;color: black;border: 2px solid #4CAF50\"><a href=\"http:\/\/participa.campogrande.ms.gov.br\/acoes\/16\/detalhe?local=10\" target=\"_blank\">Saiba Mais<\/a><\/button><\/td>\n<\/tr>\n<tr>\n<td style=\"border: 1px solid #dddddd;text-align: left;padding: 8px\">18h as 23h<\/td>\n<td style=\"border: 1px solid #dddddd;text-align: left;padding: 8px\">Festa da Solidariedade<\/td>\n<td style=\"border: 1px solid #dddddd;text-align: left;padding: 8px\">Uni\u00e3o das institui\u00e7\u00f5es do terceiro setor, profissionais liberais e iniciativa privada<\/td>\n<td style=\"border: 1px solid #dddddd;text-align: left;padding: 8px\">Seleta<\/td>\n<td style=\"border: 1px solid #dddddd;text-align: left;padding: 8px\">Sal\u00e3o de Festas da Seleta<br \/>\n(R. Pedro Celestino, 3283)<\/td>\n<td style=\"border: 1px solid #dddddd;text-align: left;padding: 8px\"><button style=\"font-size: 12px;background-color: white;color: black;border: 2px solid #4CAF50\"><a href=\"https:\/\/www.campogrande.ms.gov.br\/agetec\/evento-festa-da-solidariedade-seleta\/\" target=\"_blank\">Saiba Mais<\/a><\/button><\/td>\n<\/tr>\n<\/tbody>\n<\/table>\n<h3>S\u00e1bado dia 26\/10<\/h3>\n<table style=\"font-family: arial, sans-serif;border-collapse: collapse;width: 100%\">\n<tbody>\n<tr>\n<th style=\"border: 1px solid #dddddd;width: 5%;text-align: left;padding: 8px\">Hor\u00e1rio<\/th>\n<th style=\"border: 1px solid #dddddd;width: 20%;text-align: left;padding: 8px\">A\u00e7\u00e3o<\/th>\n<th style=\"border: 1px solid #dddddd;width: 40%;text-align: left;padding: 8px\">Descri\u00e7\u00e3o<\/th>\n<th style=\"border: 1px solid #dddddd;width: 5%;text-align: left;padding: 8px;margin-left: auto\">Organizador<\/th>\n<th style=\"border: 1px solid #dddddd;width: 20%;text-align: left;padding: 8px\">Local<\/th>\n<th style=\"border: 1px solid #dddddd;width: 10%;text-align: left;padding: 8px\">Informa\u00e7\u00f5es<\/th>\n<\/tr>\n<tr style=\"background-color: #dddddd\">\n<td style=\"border: 1px solid #dddddd;text-align: left;padding: 8px\">8h as 17h<\/td>\n<td style=\"border: 1px solid #dddddd;text-align: left;padding: 8px\">Mutir\u00e3o de Limpeza &#8211; Um mundo melhor come\u00e7a por voc\u00ea<\/td>\n<td style=\"border: 1px solid #dddddd;text-align: left;padding: 8px\">Mutir\u00e3o de limpeza das vias p\u00fablicas e pra\u00e7as, implanta\u00e7\u00e3o de pontos de descarte de oleo usado e plantio de mudas<\/td>\n<td style=\"border: 1px solid #dddddd;text-align: left;padding: 8px\">Comper<\/td>\n<td style=\"border: 1px solid #dddddd;text-align: left;padding: 8px\">(R. Clodoaldo Huguenei Sobrinho, 314-378)<\/td>\n<td style=\"border: 1px solid #dddddd;text-align: left;padding: 8px\"><button style=\"font-size: 12px;background-color: white;color: black;border: 2px solid #4CAF50\"><a href=\"https:\/\/www.campogrande.ms.gov.br\/agetec\/mutirao-de-limpeza-um-mundo-melhor-comeca-por-voce\/\" target=\"_blank\">Saiba Mais<\/a><\/button><\/td>\n<\/tr>\n<tr>\n<td style=\"border: 1px solid #dddddd;text-align: left;padding: 8px\">8h as 12h<\/td>\n<td style=\"border: 1px solid #dddddd;text-align: left;padding: 8px\">Limpeza na APA do Ceroula<\/td>\n<td style=\"border: 1px solid #dddddd;text-align: left;padding: 8px\">A ideia \u00e9 unir as pessoas com prop\u00f3sito em comum: retirar os res\u00edduos do meio ambiente e conscientizar a popula\u00e7\u00e3o sobre a import\u00e2ncia da correta gest\u00e3o dos res\u00edduos s\u00f3lidos de forma pr\u00e1tica e descontra\u00edda. Os engenheiros ambientais, ir\u00e3o instruir (educa\u00e7\u00e3o ambiental) os participantes sobre a segrega\u00e7\u00e3o e destina\u00e7\u00e3o adequada dos res\u00edduos, e dos impactos ambientais causados ao meio ambiente pelo descarte incorreto<\/td>\n<td style=\"border: 1px solid #dddddd;text-align: left;padding: 8px\">Revolu\u00e7\u00e3o Ambiental<\/td>\n<td style=\"border: 1px solid #dddddd;text-align: left;padding: 8px\">Apa do Ceroula<br \/>\n(Ponto de Encontro: em frente \u00e0 UEMS, na Av. Dom Ant\u00f4nio Barbosa, 4155 &#8211; Vila Santo Amaro)<\/td>\n<td style=\"border: 1px solid #dddddd;text-align: left;padding: 8px\"><button style=\"font-size: 12px;background-color: white;color: black;border: 2px solid #4CAF50\"><a href=\"https:\/\/www.campogrande.ms.gov.br\/agetec\/limpeza-na-apa-do-ceroula\/\" target=\"_blank\">Saiba Mais<\/a><\/button><\/td>\n<\/tr>\n<tr style=\"background-color: #dddddd\">\n<td style=\"border: 1px solid #dddddd;text-align: left;padding: 8px\">8h as 10h<\/td>\n<td style=\"border: 1px solid #dddddd;text-align: left;padding: 8px\">Mutir\u00e3o de Limpeza na APP (\u00c1rea de Prote\u00e7\u00e3o Permanente da Rua Rolim Moreira, Vila Anahy)<\/td>\n<td style=\"border: 1px solid #dddddd;text-align: left;padding: 8px\">Moradores e amigos do bairro juntamente com a equipe da vereadora Dharleng Campos ir\u00e3o fazer mutir\u00e3o de limpeza na APP da vila Anahy<\/td>\n<td style=\"border: 1px solid #dddddd;text-align: left;padding: 8px\">APP<br \/>\n(R. Rolim Moreira, s\/n &#8211; Vila Anahy<\/td>\n<td style=\"border: 1px solid #dddddd;text-align: left;padding: 8px\">Vereadora Dharleng<\/td>\n<td style=\"border: 1px solid #dddddd;text-align: left;padding: 8px\"><button style=\"font-size: 12px;background-color: white;color: black;border: 2px solid #4CAF50\"><a href=\"https:\/\/www.campogrande.ms.gov.br\/agetec\/lista-techaula\/\" target=\"_blank\">Saiba Mais<\/a><\/button><\/td>\n<\/tr>\n<tr>\n<td style=\"border: 1px solid #dddddd;text-align: left;padding: 8px\">9h<\/td>\n<td style=\"border: 1px solid #dddddd;text-align: left;padding: 8px\">Inaugura\u00e7\u00e3o da Pra\u00e7a Sustent\u00e1vel Lar do Trabalhador<\/td>\n<td style=\"border: 1px solid #dddddd;text-align: left;padding: 8px\">Inaugura\u00e7\u00e3o oficial da Pra\u00e7a Lar do Trabalhador com a presen\u00e7a do Prefeito Marquinhos Trad<\/td>\n<td style=\"border: 1px solid #dddddd;text-align: left;padding: 8px\">SEGOV\/PMCG<\/td>\n<td style=\"border: 1px solid #dddddd;text-align: left;padding: 8px\">Pra\u00e7a Lar do Trabalhador<br \/>\n(Av. dos Cris\u00e2ntemos, 457-559 &#8211; Vila Sobrinho)<\/td>\n<td style=\"border: 1px solid #dddddd;text-align: left;padding: 8px\"><button style=\"font-size: 12px;background-color: white;color: black;border: 2px solid #4CAF50\"><a href=\"https:\/\/www.campogrande.ms.gov.br\/agetec\/inauguracao-da-praca-sustentavel-lar-do-trabalhador\/\" target=\"_blank\">Saiba Mais<\/a><\/button><\/td>\n<\/tr>\n<tr style=\"background-color: #dddddd\">\n<td style=\"border: 1px solid #dddddd;text-align: left;padding: 8px\">9h as 15h<\/td>\n<td style=\"border: 1px solid #dddddd;text-align: left;padding: 8px\">Case de Sucesso da Sustentabilidade<\/td>\n<td style=\"border: 1px solid #dddddd;text-align: left;padding: 8px\">Visita in loco na fazenda Suinocultura Rancho Alegre, exemplo de sustentabilidade atrav\u00e9s da log\u00edstica reversa<\/td>\n<td style=\"border: 1px solid #dddddd;text-align: left;padding: 8px\">BPWCG<\/td>\n<td style=\"border: 1px solid #dddddd;text-align: left;padding: 8px\">Suinocultura Rancho Alegre<\/td>\n<td style=\"border: 1px solid #dddddd;text-align: left;padding: 8px\"><button style=\"font-size: 12px;background-color: white;color: black;border: 2px solid #4CAF50\"><a href=\"https:\/\/www.campogrande.ms.gov.br\/agetec\/case-de-sucesso-da-sustentabilidade\/\" target=\"_blank\">Saiba Mais<\/a><\/button><\/td>\n<\/tr>\n<tr>\n<td style=\"border: 1px solid #dddddd;text-align: left;padding: 8px\">9h30 as 18h30<\/td>\n<td style=\"border: 1px solid #dddddd;text-align: left;padding: 8px\">Zero Res\u00edduos Eletr\u00f4nicos<\/td>\n<td style=\"border: 1px solid #dddddd;text-align: left;padding: 8px\">A\u00e7\u00e3o de Coleta de Res\u00edduos Eletr\u00f4nicos<\/td>\n<td style=\"border: 1px solid #dddddd;text-align: left;padding: 8px\">AGETEC\/PMCG e Solurb<\/td>\n<td style=\"border: 1px solid #dddddd;text-align: left;padding: 8px\">Parque do S\u00f3ter &#8211;<br \/>\nPr\u00f3ximo \u00e0 Avenida Via Park em Frente ao condom\u00ednio Vitalit\u00e1 (R. Rio Negro)<\/td>\n<td style=\"border: 1px solid #dddddd;text-align: left;padding: 8px\"><button style=\"font-size: 12px;background-color: white;color: black;border: 2px solid #4CAF50\"><a href=\"https:\/\/www.campogrande.ms.gov.br\/agetec\/coleta-de-residuos-eletronicos\/\" target=\"_blank\">Saiba Mais<\/a><\/button><\/td>\n<\/tr>\n<\/tbody>\n<\/table>\n<h3>Domingo dia 27\/10<\/h3>\n<table style=\"font-family: arial, sans-serif;border-collapse: collapse;width: 100%\">\n<tbody>\n<tr>\n<th style=\"border: 1px solid #dddddd;width: 5%;text-align: left;padding: 8px\">Hor\u00e1rio<\/th>\n<th style=\"border: 1px solid #dddddd;width: 20%;text-align: left;padding: 8px\">A\u00e7\u00e3o<\/th>\n<th style=\"border: 1px solid #dddddd;width: 40%;text-align: left;padding: 8px\">Descri\u00e7\u00e3o<\/th>\n<th style=\"border: 1px solid #dddddd;width: 5%;text-align: left;padding: 8px;margin-left: auto\">Organizador<\/th>\n<th style=\"border: 1px solid #dddddd;width: 20%;text-align: left;padding: 8px\">Local<\/th>\n<th style=\"border: 1px solid #dddddd;width: 10%;text-align: left;padding: 8px\">Informa\u00e7\u00f5es<\/th>\n<\/tr>\n<tr style=\"background-color: #dddddd\">\n<td style=\"border: 1px solid #dddddd;text-align: left;padding: 8px\">9h<\/td>\n<td style=\"border: 1px solid #dddddd;text-align: left;padding: 8px\">Casa Sem Lixo<\/td>\n<td style=\"border: 1px solid #dddddd;text-align: left;padding: 8px\">Uma manh\u00e3 de atividades voltadas para a sustentabilidade no dia a dia, um evento para a fam\u00edlia, com oficinas, palestras, brincadeiras e feira de produtos sustent\u00e1veis<\/td>\n<td style=\"border: 1px solid #dddddd;text-align: left;padding: 8px\">SEGOV\/PMCG<\/td>\n<td style=\"border: 1px solid #dddddd;text-align: left;padding: 8px\">CEA Polon\u00eas<br \/>\n(R. Corveta, 141 &#8211; Carand\u00e1 Bosque)<\/td>\n<td style=\"border: 1px solid #dddddd;text-align: left;padding: 8px\"><button style=\"font-size: 12px;background-color: white;color: black;border: 2px solid #4CAF50\"><a href=\"https:\/\/www.campogrande.ms.gov.br\/agetec\/casa-sem-lixo\/\" target=\"_blank\">Saiba Mais<\/a><\/button><\/td>\n<\/tr>\n<\/tbody>\n<\/table>\n<h3>Segunda-feira dia 28\/10<\/h3>\n<table style=\"font-family: arial, sans-serif;border-collapse: collapse;width: 100%\">\n<tbody>\n<tr>\n<th style=\"border: 1px solid #dddddd;width: 5%;text-align: left;padding: 8px\">Hor\u00e1rio<\/th>\n<th style=\"border: 1px solid #dddddd;width: 20%;text-align: left;padding: 8px\">A\u00e7\u00e3o<\/th>\n<th style=\"border: 1px solid #dddddd;width: 40%;text-align: left;padding: 8px\">Descri\u00e7\u00e3o<\/th>\n<th style=\"border: 1px solid #dddddd;width: 5%;text-align: left;padding: 8px;margin-left: auto\">Organizador<\/th>\n<th style=\"border: 1px solid #dddddd;width: 20%;text-align: left;padding: 8px\">Local<\/th>\n<th style=\"border: 1px solid #dddddd;width: 10%;text-align: left;padding: 8px\">Informa\u00e7\u00f5es<\/th>\n<\/tr>\n<tr style=\"background-color: #dddddd\">\n<td style=\"border: 1px solid #dddddd;text-align: left;padding: 8px\">8h30<\/td>\n<td style=\"border: 1px solid #dddddd;text-align: left;padding: 8px\">Fechamento na C\u00e2mara dos Vereadores<\/td>\n<td style=\"border: 1px solid #dddddd;text-align: left;padding: 8px\">Entrega das honrarias do Atitude Cidad\u00e3 e sancionamento da Lei de instaura\u00e7\u00e3o da Semana Lixo Zero<\/td>\n<td style=\"border: 1px solid #dddddd;text-align: left;padding: 8px\">PMCG e C\u00e2mara Municipal<\/td>\n<td style=\"border: 1px solid #dddddd;text-align: left;padding: 8px\">C\u00e2mara Municipal<br \/>\n(Av. Ricardo Brand\u00e3o, 1600)<\/td>\n<td style=\"border: 1px solid #dddddd;text-align: left;padding: 8px\"><button style=\"font-size: 12px;background-color: white;color: black;border: 2px solid #4CAF50\"><a href=\"https:\/\/www.campogrande.ms.gov.br\/agetec\/fechamento-na-camara-dos-vereadores\/\" target=\"_blank\">Saiba Mais<\/a><\/button><\/td>\n<\/tr>\n<\/tbody>\n<\/table>\n","protected":false},"excerpt":{"rendered":"<p>&nbsp; Programa\u00e7\u00e3o Sexta-feira dia 18\/10 Hor\u00e1rio A\u00e7\u00e3o Descri\u00e7\u00e3o Organizador Local Informa\u00e7\u00f5es 8h as 18h DESTRALHA &#8211; SEBRAE A\u00e7\u00f5es de coleta no p\u00e1tio do SEBRAE\/MS Descarte de oleo de cozinha, res\u00edduos eletr\u00f4nicos, papel, pl\u00e1sticos, metal, pilhas, baterias e tecidos SEBRAE\/MS P\u00e1tio do SEBRAE\/MS (Av. Mato Grosso, 1661 &#8211; Centro) Saiba Mais 14h Lan\u00e7amento do Programa de [&hellip;]<\/p>\n","protected":false},"author":1,"featured_media":0,"parent":0,"menu_order":0,"comment_status":"open","ping_status":"open","template":"template-custom-content.php","meta":{"custom_icon_class":"","footnotes":""},"class_list":["post-50464","page","type-page","status-publish","hentry"],"acf":[],"_links":{"self":[{"href":"https:\/\/www.campogrande.ms.gov.br\/cgnoticias\/wp-json\/wp\/v2\/pages\/50464"}],"collection":[{"href":"https:\/\/www.campogrande.ms.gov.br\/cgnoticias\/wp-json\/wp\/v2\/pages"}],"about":[{"href":"https:\/\/www.campogrande.ms.gov.br\/cgnoticias\/wp-json\/wp\/v2\/types\/page"}],"author":[{"embeddable":true,"href":"https:\/\/www.campogrande.ms.gov.br\/cgnoticias\/wp-json\/wp\/v2\/users\/1"}],"replies":[{"embeddable":true,"href":"https:\/\/www.campogrande.ms.gov.br\/cgnoticias\/wp-json\/wp\/v2\/comments?post=50464"}],"version-history":[{"count":0,"href":"https:\/\/www.campogrande.ms.gov.br\/cgnoticias\/wp-json\/wp\/v2\/pages\/50464\/revisions"}],"wp:attachment":[{"href":"https:\/\/www.campogrande.ms.gov.br\/cgnoticias\/wp-json\/wp\/v2\/media?parent=50464"}],"curies":[{"name":"wp","href":"https:\/\/api.w.org\/{rel}","templated":true}]}}